{"id":7704,"date":"2014-07-31T14:36:50","date_gmt":"2014-07-31T14:36:50","guid":{"rendered":"https:\/\/microbiologie.umontreal.ca\/marcelo-gottschalk\/"},"modified":"2021-08-05T16:41:21","modified_gmt":"2021-08-05T15:41:21","slug":"marcelo-gottschalk","status":"publish","type":"page","link":"https:\/\/microbiologie.umontreal.ca\/en\/professeurs-chercheurs\/marcelo-gottschalk\/","title":{"rendered":"Marcelo Gottschalk"},"content":{"rendered":"<div  class=\" fiche-chercheur  \">\n<div class=\"img noLightbox\"><\/p>\n<p><img loading=\"lazy\" decoding=\"async\" src=\"https:\/\/microbiologie.umontreal.ca\/wp-content\/uploads\/sites\/12\/2021\/08\/Marcelo_Gottschalk-433x450.jpg\" alt=\"\" width=\"433\" height=\"450\" class=\"alignnone size-medium wp-image-12109\" srcset=\"https:\/\/microbiologie.umontreal.ca\/wp-content\/uploads\/sites\/12\/2021\/08\/Marcelo_Gottschalk-433x450.jpg 433w, https:\/\/microbiologie.umontreal.ca\/wp-content\/uploads\/sites\/12\/2021\/08\/Marcelo_Gottschalk-984x1024.jpg 984w, https:\/\/microbiologie.umontreal.ca\/wp-content\/uploads\/sites\/12\/2021\/08\/Marcelo_Gottschalk-610x635.jpg 610w, https:\/\/microbiologie.umontreal.ca\/wp-content\/uploads\/sites\/12\/2021\/08\/Marcelo_Gottschalk.jpg 992w\" sizes=\"auto, (max-width: 433px) 100vw, 433px\" \/><\/p>\n<p><\/div>\n<table style=\"width: 388px\">\n<tbody>\n<tr>\n<td style=\"width: 77px\"><strong>Title:<\/strong><\/td>\n<td style=\"width: 317px\">Full time professor (accredited)<\/td>\n<\/tr>\n<tr>\n<td style=\"width: 77px\"><strong>Address:<\/strong><\/td>\n<td style=\"width: 317px\">D\u00e9partement de pathologie et microbiologie<br \/>\nFacult\u00e9 de m\u00e9decine v\u00e9t\u00e9rinaire<br \/>\n3200, rue Sicotte<br \/>\nSt-Hyacinthe (Qu\u00e9bec)\u00a0 J2S 2M2<\/td>\n<\/tr>\n<tr>\n<td style=\"width: 77px\"><strong>Room:<\/strong><\/td>\n<td style=\"width: 317px\">3119-2<\/td>\n<\/tr>\n<tr>\n<td style=\"width: 77px\"><strong>Phone:<\/strong><\/td>\n<td style=\"width: 317px\">Office: 450-773-8521, ext. 8374<\/p>\n<p>Lab: 450-773-8521, ext. 8389<\/td>\n<\/tr>\n<tr>\n<td style=\"width: 77px\"><strong>Fax:<\/strong><\/td>\n<td style=\"width: 317px\">450-778-8108<\/td>\n<\/tr>\n<tr>\n<td style=\"width: 77px\"><strong>Email:<\/strong><\/td>\n<td style=\"width: 317px\"><a href=\"mailto:marcelo.gottschalk@umontreal.ca\">marcelo.gottschalk@umontreal.ca<\/a><\/td>\n<\/tr>\n<\/tbody>\n<\/table>\n<\/div>\n<hr\/>\n<h2 style=\"text-align: justify\"><strong>Biography<\/strong><\/h2>\n<p style=\"text-align: justify\">Dr. Gottschalk was born and raised in Buenos Aires, Argentina, where he obtained a DVM. He then arrived to Canada in 1987 where he obtained his PhD in microbiology and immunology from the Faculty of Medicine of the University of Montreal. Since 2002 he is full professor at the department of pathology and microbiology of the Faculty of Veterinary Medicine of the University of Montreal. He obtained six different national awards for his research. In addition, he was granted with an Honoris Causa by the University of Ghent (Belgium) in 2018 as a recognition for his career. Dr. Gottschak is the director of the international reference laboratory for swine pleuropneumonia (caused by <em>Actinobacillus pleuropneumoniae<\/em>) and the international reference laboratory for <em>Streptococcus suis<\/em>, and important swine and human pathogen. He is also a consultant for the WHO on human disease caused by <em>S. suis<\/em> and he is frequently requested for his expertise to act on human outbreaks in Asia. Dr. Gottschalk has published more than 400 articles in peer-reviewed journals and around 150 articles in professional journals. He has been requested as invited speaker to give more than 300 conferences in more than 35 countries around the world. <hr\/><\/p>\n<h2 style=\"text-align: justify\"><strong>Team\u00a0<\/strong><\/h2>\n<ul>\n<li style=\"text-align: justify\">Sonia Lacouture (Lab assistant)<\/li>\n<li style=\"text-align: justify\">Annie Gaudreau (Lab assistant)<\/li>\n<li style=\"text-align: justify\">Three technicians, 1 PhD student, 2 MSc students<\/li>\n<\/ul>\n<p style=\"text-align: justify\"><hr\/><\/p>\n<h2 style=\"text-align: justify\"><strong>Theme<\/strong><\/h2>\n<ul style=\"text-align: justify\">\n<li>Bacteriology<\/li>\n<\/ul>\n<p style=\"text-align: justify\"><hr\/><\/p>\n<h2 style=\"text-align: justify\"><strong>Research topics<\/strong><\/h2>\n<ul style=\"text-align: justify\">\n<li>Study of the pathogenesis of meningitis caused by <em>Streptococcus suis<\/em><\/li>\n<li>Systemic and central nervous system inflammatory response during infections<\/li>\n<li>Interaction of pro-inflammatory cytokines<\/li>\n<li>Interactions between bacterial pathogens and endothelial, epithelial and phagocytic cells<\/li>\n<li>Evaluation of humoral immune response to infection and \/ or vaccination (serology)<\/li>\n<li>Development of vaccines against pathogenic bacteria<\/li>\n<\/ul>\n<p style=\"text-align: justify\"><hr\/><\/p>\n<h2 style=\"text-align: justify\"><strong>Publications<\/strong><\/h2>\n<ul>\n<li style=\"text-align: justify\">Auger JP, Santin\u00f3n A, Roy D, Mossman K, Xu J, Segura M, Gottschalk M. Type I\u00a0Interferon Induced by <em>Streptococcus suis<\/em> Serotype 2 is Strain-Dependent and May\u00a0Be Beneficial for Host Survival. <a href=\"https:\/\/www.ncbi.nlm.nih.gov\/pubmed\/28894449\"><strong>Front Immunol<\/strong>. 2017 Aug 28;8:1039<\/a>.<\/li>\n<li style=\"text-align: justify\">Roy D, Athey TBT, Auger JP, Goyette-Desjardins G, Van Calsteren MR, Takamatsu\u00a0D, Okura M, Teatero S, Alcorlo M, Hermoso JA, Segura M, Gottschalk M, Fittipaldi A single amino acid polymorphism in the glycosyltransferase CpsK defines four\u00a0<em>Streptococcus suis<\/em> serotypes. <a href=\"https:\/\/www.ncbi.nlm.nih.gov\/pubmed\/28642597\"><strong>Sci Rep.<\/strong> 2017 Jun 22;7(1):4066<\/a>.<\/li>\n<li style=\"text-align: justify\">Kerdsin A, Akeda Y, Takeuchi D, Dejsirilert S, Gottschalk M, Oishi K.\u00a0Genotypic diversity of <em>Streptococcus suis<\/em> strains isolated from humans in\u00a0Thailand. <a href=\"https:\/\/www.ncbi.nlm.nih.gov\/pubmed\/29417311\"><strong>Eur J Clin Microbiol Infect Dis<\/strong><\/a>. 2018 Feb 7. doi:\u00a010.1007\/s10096-018-3208-8.<\/li>\n<li style=\"text-align: justify\">Auray G, Lachance C, Wang Y, Gagnon CA, Segura M, Gottschalk M.\u00a0Transcriptional Analysis of PRRSV-Infected Porcine Dendritic Cell Response to\u00a0<em>Streptococcus suis<\/em> Infection Reveals Up-Regulation of Inflammatory-Related Genes Expression.<a href=\"https:\/\/www.ncbi.nlm.nih.gov\/pubmed\/27213692\"><strong> PLoS One<\/strong>. 2016 May 23;11(5):e0156019<\/a><\/li>\n<\/ul>\n","protected":false},"excerpt":{"rendered":"<p>Biography Dr. Gottschalk was born and raised in Buenos Aires, Argentina, where he obtained a DVM. He then arrived to Canada in 1987 where he obtained his PhD in microbiology [&hellip;]<\/p>\n","protected":false},"author":25,"featured_media":0,"parent":11407,"menu_order":0,"comment_status":"closed","ping_status":"closed","template":"","meta":{"footnotes":""},"class_list":["post-7704","page","type-page","status-publish","hentry"],"yoast_head":"<!-- This site is optimized with the Yoast SEO plugin v25.0 - https:\/\/yoast.com\/wordpress\/plugins\/seo\/ -->\n<title>Marcelo Gottschalk - D\u00e9partement de microbiologie, infectiologie et immunologie - Universit\u00e9 de Montr\u00e9al<\/title>\n<meta name=\"robots\" content=\"index, follow, max-snippet:-1, max-image-preview:large, max-video-preview:-1\" \/>\n<link rel=\"canonical\" href=\"https:\/\/microbiologie.umontreal.ca\/en\/professeurs-chercheurs\/marcelo-gottschalk\/\" \/>\n<meta property=\"og:locale\" content=\"en_US\" \/>\n<meta property=\"og:type\" content=\"article\" \/>\n<meta property=\"og:title\" content=\"Marcelo Gottschalk - D\u00e9partement de microbiologie, infectiologie et immunologie - Universit\u00e9 de Montr\u00e9al\" \/>\n<meta property=\"og:description\" content=\"Biography Dr. Gottschalk was born and raised in Buenos Aires, Argentina, where he obtained a DVM. He then arrived to Canada in 1987 where he obtained his PhD in microbiology [&hellip;]\" \/>\n<meta property=\"og:url\" content=\"https:\/\/microbiologie.umontreal.ca\/en\/professeurs-chercheurs\/marcelo-gottschalk\/\" \/>\n<meta property=\"og:site_name\" content=\"D\u00e9partement de microbiologie, infectiologie et immunologie\" \/>\n<meta property=\"article:modified_time\" content=\"2021-08-05T15:41:21+00:00\" \/>\n<meta property=\"og:image\" content=\"https:\/\/microbiologie.umontreal.ca\/wp-content\/uploads\/sites\/12\/2021\/08\/Marcelo_Gottschalk-433x450.jpg\" \/>\n<meta name=\"twitter:label1\" content=\"Est. reading time\" \/>\n\t<meta name=\"twitter:data1\" content=\"2 minutes\" \/>\n<script type=\"application\/ld+json\" class=\"yoast-schema-graph\">{\"@context\":\"https:\/\/schema.org\",\"@graph\":[{\"@type\":\"WebPage\",\"@id\":\"https:\/\/microbiologie.umontreal.ca\/en\/professeurs-chercheurs\/marcelo-gottschalk\/\",\"url\":\"https:\/\/microbiologie.umontreal.ca\/en\/professeurs-chercheurs\/marcelo-gottschalk\/\",\"name\":\"Marcelo Gottschalk - D\u00e9partement de microbiologie, infectiologie et immunologie - Universit\u00e9 de Montr\u00e9al\",\"isPartOf\":{\"@id\":\"https:\/\/microbiologie.umontreal.ca\/#website\"},\"primaryImageOfPage\":{\"@id\":\"https:\/\/microbiologie.umontreal.ca\/en\/professeurs-chercheurs\/marcelo-gottschalk\/#primaryimage\"},\"image\":{\"@id\":\"https:\/\/microbiologie.umontreal.ca\/en\/professeurs-chercheurs\/marcelo-gottschalk\/#primaryimage\"},\"thumbnailUrl\":\"https:\/\/microbiologie.umontreal.ca\/wp-content\/uploads\/sites\/12\/2021\/08\/Marcelo_Gottschalk-433x450.jpg\",\"datePublished\":\"2014-07-31T14:36:50+00:00\",\"dateModified\":\"2021-08-05T15:41:21+00:00\",\"breadcrumb\":{\"@id\":\"https:\/\/microbiologie.umontreal.ca\/en\/professeurs-chercheurs\/marcelo-gottschalk\/#breadcrumb\"},\"inLanguage\":\"en-US\",\"potentialAction\":[{\"@type\":\"ReadAction\",\"target\":[\"https:\/\/microbiologie.umontreal.ca\/en\/professeurs-chercheurs\/marcelo-gottschalk\/\"]}]},{\"@type\":\"ImageObject\",\"inLanguage\":\"en-US\",\"@id\":\"https:\/\/microbiologie.umontreal.ca\/en\/professeurs-chercheurs\/marcelo-gottschalk\/#primaryimage\",\"url\":\"https:\/\/microbiologie.umontreal.ca\/wp-content\/uploads\/sites\/12\/2021\/08\/Marcelo_Gottschalk-433x450.jpg\",\"contentUrl\":\"https:\/\/microbiologie.umontreal.ca\/wp-content\/uploads\/sites\/12\/2021\/08\/Marcelo_Gottschalk-433x450.jpg\"},{\"@type\":\"BreadcrumbList\",\"@id\":\"https:\/\/microbiologie.umontreal.ca\/en\/professeurs-chercheurs\/marcelo-gottschalk\/#breadcrumb\",\"itemListElement\":[{\"@type\":\"ListItem\",\"position\":1,\"name\":\"Accueil\",\"item\":\"https:\/\/microbiologie.umontreal.ca\/en\/\"},{\"@type\":\"ListItem\",\"position\":2,\"name\":\"Professeurs-chercheurs\",\"item\":\"https:\/\/microbiologie.umontreal.ca\/en\/professeurs-chercheurs\/\"},{\"@type\":\"ListItem\",\"position\":3,\"name\":\"Marcelo Gottschalk\"}]},{\"@type\":\"WebSite\",\"@id\":\"https:\/\/microbiologie.umontreal.ca\/#website\",\"url\":\"https:\/\/microbiologie.umontreal.ca\/\",\"name\":\"D\u00e9partement de microbiologie, infectiologie et immunologie\",\"description\":\"\",\"potentialAction\":[{\"@type\":\"SearchAction\",\"target\":{\"@type\":\"EntryPoint\",\"urlTemplate\":\"https:\/\/microbiologie.umontreal.ca\/?s={search_term_string}\"},\"query-input\":{\"@type\":\"PropertyValueSpecification\",\"valueRequired\":true,\"valueName\":\"search_term_string\"}}],\"inLanguage\":\"en-US\"}]}<\/script>\n<!-- \/ Yoast SEO plugin. -->","yoast_head_json":{"title":"Marcelo Gottschalk - D\u00e9partement de microbiologie, infectiologie et immunologie - Universit\u00e9 de Montr\u00e9al","robots":{"index":"index","follow":"follow","max-snippet":"max-snippet:-1","max-image-preview":"max-image-preview:large","max-video-preview":"max-video-preview:-1"},"canonical":"https:\/\/microbiologie.umontreal.ca\/en\/professeurs-chercheurs\/marcelo-gottschalk\/","og_locale":"en_US","og_type":"article","og_title":"Marcelo Gottschalk - D\u00e9partement de microbiologie, infectiologie et immunologie - Universit\u00e9 de Montr\u00e9al","og_description":"Biography Dr. Gottschalk was born and raised in Buenos Aires, Argentina, where he obtained a DVM. He then arrived to Canada in 1987 where he obtained his PhD in microbiology [&hellip;]","og_url":"https:\/\/microbiologie.umontreal.ca\/en\/professeurs-chercheurs\/marcelo-gottschalk\/","og_site_name":"D\u00e9partement de microbiologie, infectiologie et immunologie","article_modified_time":"2021-08-05T15:41:21+00:00","og_image":[{"url":"https:\/\/microbiologie.umontreal.ca\/wp-content\/uploads\/sites\/12\/2021\/08\/Marcelo_Gottschalk-433x450.jpg","type":"","width":"","height":""}],"twitter_misc":{"Est. reading time":"2 minutes"},"schema":{"@context":"https:\/\/schema.org","@graph":[{"@type":"WebPage","@id":"https:\/\/microbiologie.umontreal.ca\/en\/professeurs-chercheurs\/marcelo-gottschalk\/","url":"https:\/\/microbiologie.umontreal.ca\/en\/professeurs-chercheurs\/marcelo-gottschalk\/","name":"Marcelo Gottschalk - D\u00e9partement de microbiologie, infectiologie et immunologie - Universit\u00e9 de Montr\u00e9al","isPartOf":{"@id":"https:\/\/microbiologie.umontreal.ca\/#website"},"primaryImageOfPage":{"@id":"https:\/\/microbiologie.umontreal.ca\/en\/professeurs-chercheurs\/marcelo-gottschalk\/#primaryimage"},"image":{"@id":"https:\/\/microbiologie.umontreal.ca\/en\/professeurs-chercheurs\/marcelo-gottschalk\/#primaryimage"},"thumbnailUrl":"https:\/\/microbiologie.umontreal.ca\/wp-content\/uploads\/sites\/12\/2021\/08\/Marcelo_Gottschalk-433x450.jpg","datePublished":"2014-07-31T14:36:50+00:00","dateModified":"2021-08-05T15:41:21+00:00","breadcrumb":{"@id":"https:\/\/microbiologie.umontreal.ca\/en\/professeurs-chercheurs\/marcelo-gottschalk\/#breadcrumb"},"inLanguage":"en-US","potentialAction":[{"@type":"ReadAction","target":["https:\/\/microbiologie.umontreal.ca\/en\/professeurs-chercheurs\/marcelo-gottschalk\/"]}]},{"@type":"ImageObject","inLanguage":"en-US","@id":"https:\/\/microbiologie.umontreal.ca\/en\/professeurs-chercheurs\/marcelo-gottschalk\/#primaryimage","url":"https:\/\/microbiologie.umontreal.ca\/wp-content\/uploads\/sites\/12\/2021\/08\/Marcelo_Gottschalk-433x450.jpg","contentUrl":"https:\/\/microbiologie.umontreal.ca\/wp-content\/uploads\/sites\/12\/2021\/08\/Marcelo_Gottschalk-433x450.jpg"},{"@type":"BreadcrumbList","@id":"https:\/\/microbiologie.umontreal.ca\/en\/professeurs-chercheurs\/marcelo-gottschalk\/#breadcrumb","itemListElement":[{"@type":"ListItem","position":1,"name":"Accueil","item":"https:\/\/microbiologie.umontreal.ca\/en\/"},{"@type":"ListItem","position":2,"name":"Professeurs-chercheurs","item":"https:\/\/microbiologie.umontreal.ca\/en\/professeurs-chercheurs\/"},{"@type":"ListItem","position":3,"name":"Marcelo Gottschalk"}]},{"@type":"WebSite","@id":"https:\/\/microbiologie.umontreal.ca\/#website","url":"https:\/\/microbiologie.umontreal.ca\/","name":"D\u00e9partement de microbiologie, infectiologie et immunologie","description":"","potentialAction":[{"@type":"SearchAction","target":{"@type":"EntryPoint","urlTemplate":"https:\/\/microbiologie.umontreal.ca\/?s={search_term_string}"},"query-input":{"@type":"PropertyValueSpecification","valueRequired":true,"valueName":"search_term_string"}}],"inLanguage":"en-US"}]}},"_links":{"self":[{"href":"https:\/\/microbiologie.umontreal.ca\/en\/wp-json\/wp\/v2\/pages\/7704","targetHints":{"allow":["GET"]}}],"collection":[{"href":"https:\/\/microbiologie.umontreal.ca\/en\/wp-json\/wp\/v2\/pages"}],"about":[{"href":"https:\/\/microbiologie.umontreal.ca\/en\/wp-json\/wp\/v2\/types\/page"}],"author":[{"embeddable":true,"href":"https:\/\/microbiologie.umontreal.ca\/en\/wp-json\/wp\/v2\/users\/25"}],"replies":[{"embeddable":true,"href":"https:\/\/microbiologie.umontreal.ca\/en\/wp-json\/wp\/v2\/comments?post=7704"}],"version-history":[{"count":3,"href":"https:\/\/microbiologie.umontreal.ca\/en\/wp-json\/wp\/v2\/pages\/7704\/revisions"}],"predecessor-version":[{"id":12112,"href":"https:\/\/microbiologie.umontreal.ca\/en\/wp-json\/wp\/v2\/pages\/7704\/revisions\/12112"}],"up":[{"embeddable":true,"href":"https:\/\/microbiologie.umontreal.ca\/en\/wp-json\/wp\/v2\/pages\/11407"}],"wp:attachment":[{"href":"https:\/\/microbiologie.umontreal.ca\/en\/wp-json\/wp\/v2\/media?parent=7704"}],"curies":[{"name":"wp","href":"https:\/\/api.w.org\/{rel}","templated":true}]}}